{"id":575,"date":"2023-01-06T15:28:29","date_gmt":"2023-01-06T15:28:29","guid":{"rendered":"https:\/\/praxis-gschmitz.de\/?page_id=575"},"modified":"2026-03-27T14:04:11","modified_gmt":"2026-03-27T14:04:11","slug":"terminvereinbarung","status":"publish","type":"page","link":"https:\/\/praxis-gschmitz.de\/?page_id=575","title":{"rendered":"Termine"},"content":{"rendered":"\n<p>F\u00fcr BestandspatientInnen biete ich eine online Terminbuchung \u00fcber den Anbieter <a href=\"https:\/\/patient.samedi.de\/\" target=\"_blank\" rel=\"noreferrer noopener\"><strong>samedi <\/strong><\/a>an. Bitte <strong>buchen Sie keine Termine<\/strong> bei mir \u00fcber diese Seite, <strong>wenn Sie NeupatientIn sind<\/strong>. Als <strong>NeupatientIn <\/strong>rufen Sie mich bitte in meinen telefonischen Sprechzeiten (Mo-Do, 13-14 Uhr) an. Eine Kontaktaufnahme von NeupatientInnen \u00fcber andere Kommunikationswege (per Post oder Email) kann aus organisatorischen Gr\u00fcnden nicht bearbeitet werden. Nicht vereinbarte Terminbuchungen von NeupatientInnen werden kommentarlos gel\u00f6scht.<\/p>\n\n\n\n<p>Wenn Sie <strong>BestandspatientIn <\/strong>sind, registrieren Sie sich bitte bei samedi mit einem <a href=\"https:\/\/patient.samedi.de\/signup\" target=\"_blank\" rel=\"noreferrer noopener\"><strong>kostenlosen Patientenkonto<\/strong><\/a>. Nutzen Sie dabei bitte die Emailadresse, die bei mir hinterlegt ist. Mit dem Patientenkonto k\u00f6nnen Sie alle Vorteile wie \u00dcbersicht und Verwaltung Ihrer Termine, Terminerinnerungen, Zusendung von Videolinks, etc. nutzen. Der Datenschutz hat bei samedi h\u00f6chste Priorit\u00e4t und ist durch Server in Deutschland gesichert. <\/p>\n\n\n\n<p>Zu Beginn Ihrer Behandlung muss einmalig Ihr Patientenkonto mit meinem online Kalender verkn\u00fcpft werden. Eine Anleitung dazu finden Sie <a href=\"https:\/\/praxis-gschmitz.de\/wp-content\/uploads\/2024\/04\/Anleitung-Patienteneinladung-fuer-Pat.-Praxis.pdf\" target=\"_blank\" rel=\"noreferrer noopener\"><strong>hier<\/strong><\/a>.<\/p>\n\n\n\n<div class=\"wp-block-columns is-layout-flex wp-container-core-columns-is-layout-9d6595d7 wp-block-columns-is-layout-flex\">\n<div class=\"wp-block-column is-layout-flow wp-block-column-is-layout-flow\" style=\"flex-basis:100%\">\n<div class=\"wp-block-group\"><div class=\"wp-block-group__inner-container is-layout-constrained wp-block-group-is-layout-constrained\">\n<div class=\"wp-block-group\"><div class=\"wp-block-group__inner-container is-layout-constrained wp-block-group-is-layout-constrained\">\n<div class=\"wp-block-columns is-layout-flex wp-container-core-columns-is-layout-9d6595d7 wp-block-columns-is-layout-flex\">\n<div class=\"wp-block-column is-layout-flow wp-block-column-is-layout-flow\">\n<p>Ihre <strong>Einzeltermine <\/strong>bei mir k\u00f6nnen Sie in Ihrem Patientenkonto oder \u00fcber folgenden Button <strong>buchen<\/strong>:<\/p>\n<\/div>\n\n\n\n<div class=\"wp-block-column is-layout-flow wp-block-column-is-layout-flow\">\n<p> <a href=\"https:\/\/termin.samedi.de\/b\/psychotherapeutische-praxis-gschmitz\/neu\" target=\"_blank\" rel=\"noreferrer noopener\"><img loading=\"lazy\" decoding=\"async\" width=\"100\" height=\"100\" class=\"wp-image-603\" style=\"width: 100px;\" src=\"https:\/\/praxis-gschmitz.de\/wp-content\/uploads\/2023\/01\/Samedi-Button.jpg\" alt=\"\" srcset=\"https:\/\/praxis-gschmitz.de\/wp-content\/uploads\/2023\/01\/Samedi-Button.jpg 367w, https:\/\/praxis-gschmitz.de\/wp-content\/uploads\/2023\/01\/Samedi-Button-300x300.jpg 300w, https:\/\/praxis-gschmitz.de\/wp-content\/uploads\/2023\/01\/Samedi-Button-150x150.jpg 150w, https:\/\/praxis-gschmitz.de\/wp-content\/uploads\/2023\/01\/Samedi-Button-320x320.jpg 320w, https:\/\/praxis-gschmitz.de\/wp-content\/uploads\/2023\/01\/Samedi-Button-200x200.jpg 200w\" sizes=\"auto, (max-width: 100px) 100vw, 100px\" \/><\/a><\/p>\n<\/div>\n<\/div>\n\n\n\n<p class=\"has-normal-font-size\"><mark style=\"background-color:#eeeeee;color:#f1973b\" class=\"has-inline-color\"><strong>Der Buchungszeitraum <\/strong>f\u00fcr das <strong>Quartal 3.2026 <\/strong>(Juli, August, September) ist vom <strong>29.05.26 bis 07.06.26.<\/strong><\/mark><\/p>\n<\/div><\/div>\n\n\n\n<p><strong>Videosprechstunden<\/strong><\/p>\n\n\n\n<p>F\u00fcr Bestandspatient*innen gibt es die M\u00f6glichkeit sowohl in den Einzel- als auch in den Gruppensitzungen per Videosprechstunde teilzunehmen. Damit technische Probleme im Vorfeld so gut als m\u00f6glich ausgeschlossen werden, sollten Sie \u00fcber folgenden <a href=\"https:\/\/video.samedi.de\/hardware-test\"><strong>Link<\/strong> <\/a><strong>vor der Videosprechstunde die technischen Voraussetzungen Ihres Ger\u00e4tes pr\u00fcfen<\/strong>. F\u00fcr eine st\u00f6rungsfreie Verbindung sind eine gute und stabile Internetverbindung, Freischaltung von Kamera und Mikrofon sowie ein kompatibler Internetbrowser notwendig. Am besten nutzen Sie Google Chrome oder Apple Safari. Mozilla Firefox funktioniert in Einzel-Videosprechstunden, jedoch nicht bei einer Gruppen-Videosprechstunde.<\/p>\n\n\n\n<p><strong><a href=\"https:\/\/praxis-gschmitz.de\/?page_id=449\/#offene-Gruppe\" data-type=\"page\" data-id=\"449\" target=\"_blank\" rel=\"noreferrer noopener\">Offene Gruppen<\/a><\/strong><\/p>\n\n\n\n<p>Zur Buchung eines Termins f\u00fcr Bestandspatient*innen in einer der Offenen Gruppen (kPTBS, Hypnose, G-TEP) schreiben Sie mir bitte eine Email, zu welchen Terminen Sie teilnehmen k\u00f6nnen. Ich buche den oder die Termine f\u00fcr Sie und Sie erhalten &#8211; wie gewohnt &#8211; eine Terminbest\u00e4tigung \u00fcber samedi.<\/p>\n\n\n\n<p><strong>Zu folgenden Terminen findet die <mark style=\"background-color:rgba(0, 0, 0, 0);color:#f1973b\" class=\"has-inline-color\">Offene kPTBS-Gruppe<\/mark> (Freitag) statt:<\/strong><\/p>\n\n\n\n<p><strong><mark style=\"background-color:#eeeeee;color:#f1973b\" class=\"has-inline-color\">Quartal 2.2026<\/mark><\/strong>:<\/p>\n\n\n\n<ul class=\"wp-block-list\">\n<li><strong>Freitag<\/strong>, <strong><mark style=\"background-color:rgba(0, 0, 0, 0);color:#f1973b\" class=\"has-inline-color\">10.04.26<\/mark><\/strong> von <strong>11:00 bis 12:40 Uhr<\/strong><\/li>\n\n\n\n<li><strong>Freitag<\/strong>, <strong><mark style=\"background-color:rgba(0, 0, 0, 0);color:#f1973b\" class=\"has-inline-color\">08.05.26<\/mark><\/strong> von <strong>11:00 bis 12:40 Uhr<\/strong><\/li>\n\n\n\n<li><strong>Freitag<\/strong>, <strong><mark style=\"background-color:rgba(0, 0, 0, 0);color:#f1973b\" class=\"has-inline-color\">29.05.26<\/mark> <\/strong>von <strong>11:00 bis 12:40 Uhr<\/strong><\/li>\n\n\n\n<li><strong>Freitag<\/strong>, <strong><mark style=\"background-color:rgba(0, 0, 0, 0);color:#f1973b\" class=\"has-inline-color\">19.06.26<\/mark><\/strong> von <strong>11:00 bis 12:40 Uhr<\/strong><\/li>\n<\/ul>\n\n\n\n<p><strong>Zu folgenden Terminen findet die <mark style=\"background-color:rgba(0, 0, 0, 0);color:#f1973b\" class=\"has-inline-color\">Offene kPTBS-Gruppe<\/mark> (Donnerstag) statt:<\/strong><\/p>\n\n\n\n<p><strong><mark style=\"background-color:#eeeeee;color:#f1973b\" class=\"has-inline-color\">Quartal 2.2026<\/mark><\/strong>:<\/p>\n\n\n\n<ul class=\"wp-block-list\">\n<li><strong><strong>Donnerstag<\/strong><\/strong>, <strong><mark style=\"background-color:rgba(0, 0, 0, 0);color:#f1973b\" class=\"has-inline-color\">23.04.26<\/mark><\/strong> von <strong>16:00 bis 17:40 Uhr<\/strong><\/li>\n\n\n\n<li><strong><strong>Donnerstag<\/strong><\/strong>, <strong><mark style=\"background-color:rgba(0, 0, 0, 0);color:#f1973b\" class=\"has-inline-color\">21.05.26<\/mark> <\/strong>von <strong><strong>16:00 bis 17:40 Uhr<\/strong><\/strong><\/li>\n\n\n\n<li><strong><strong>Donnerstag<\/strong><\/strong>, <strong><mark style=\"background-color:rgba(0, 0, 0, 0);color:#f1973b\" class=\"has-inline-color\">11.06.26<\/mark><\/strong> von <strong><strong>16:00 bis 17:40 Uhr<\/strong><\/strong><\/li>\n\n\n\n<li><strong><strong>Donnerstag<\/strong><\/strong>, <strong><mark style=\"background-color:rgba(0, 0, 0, 0);color:#f1973b\" class=\"has-inline-color\">25.06.26<\/mark><\/strong> von <strong><strong>16:00 bis 17:40 Uhr<\/strong><\/strong><\/li>\n<\/ul>\n\n\n\n<p><strong>Zu folgenden Terminen findet die <mark style=\"background-color:rgba(0, 0, 0, 0);color:#f1973b\" class=\"has-inline-color\">Offene Hypnose-Gruppe<\/mark> statt:<\/strong><\/p>\n\n\n\n<p><strong><mark style=\"background-color:#eeeeee;color:#f1973b\" class=\"has-inline-color\">Quartal 1.2026<\/mark><\/strong>:<\/p>\n\n\n\n<ul class=\"wp-block-list\">\n<li><strong>Dienstag<\/strong>, <strong><mark style=\"background-color:rgba(0, 0, 0, 0);color:#f1973b\" class=\"has-inline-color\">31.03.26<\/mark><\/strong> von <strong>16:00 bis 17:40 Uhr<\/strong><\/li>\n<\/ul>\n\n\n\n<p><strong><mark style=\"background-color:#eeeeee;color:#f1973b\" class=\"has-inline-color\">Quartal 2.2026<\/mark><\/strong>:<\/p>\n\n\n\n<ul class=\"wp-block-list\">\n<li><strong>Dienstag<\/strong>, <strong><mark style=\"background-color:rgba(0, 0, 0, 0);color:#f1973b\" class=\"has-inline-color\">14.04.26<\/mark><\/strong> von <strong>16:00 bis 17:40 Uhr<\/strong><\/li>\n\n\n\n<li><strong>Dienstag<\/strong>, <strong><mark style=\"background-color:rgba(0, 0, 0, 0);color:#f1973b\" class=\"has-inline-color\">28.04.26<\/mark><\/strong> von <strong>16:00 bis 17:40 Uhr<\/strong><\/li>\n\n\n\n<li><strong>Dienstag<\/strong>, <strong><mark style=\"background-color:rgba(0, 0, 0, 0);color:#f1973b\" class=\"has-inline-color\">12.05.26<\/mark><\/strong> von <strong>16:00 bis 17:40 Uhr<\/strong><\/li>\n\n\n\n<li><strong>Dienstag<\/strong>, <strong><mark style=\"background-color:rgba(0, 0, 0, 0);color:#f1973b\" class=\"has-inline-color\">26.05.26<\/mark><\/strong> von <strong>16:00 bis 17:40 Uhr<\/strong><\/li>\n\n\n\n<li><strong>Dienstag<\/strong>, <strong><mark style=\"background-color:rgba(0, 0, 0, 0);color:#f1973b\" class=\"has-inline-color\">09.06.26<\/mark><\/strong> von <strong>16:00 bis 17:40 Uhr<\/strong><\/li>\n\n\n\n<li><strong>Dienstag<\/strong>, <strong><mark style=\"background-color:rgba(0, 0, 0, 0);color:#f1973b\" class=\"has-inline-color\">23.06.26<\/mark><\/strong> von <strong>16:00 bis 17:40 Uhr<\/strong><\/li>\n<\/ul>\n\n\n\n<p><strong>Zu folgenden Terminen findet die <mark style=\"background-color:rgba(0, 0, 0, 0);color:#f1973b\" class=\"has-inline-color\">G-TEP-Gruppe<\/mark> (EMDR) statt:<\/strong><\/p>\n\n\n\n<p><strong><mark style=\"background-color:#eeeeee;color:#f1973b\" class=\"has-inline-color\">Quartal 1.2026<\/mark><\/strong>:<\/p>\n\n\n\n<ul class=\"wp-block-list\">\n<li><strong>Dienstag<\/strong>, <strong><mark style=\"background-color:rgba(0, 0, 0, 0);color:#f1973b\" class=\"has-inline-color\">30.03.26<\/mark><\/strong> von <strong>16:00 bis 17:40 Uhr<\/strong><\/li>\n<\/ul>\n\n\n\n<p><strong><mark style=\"background-color:#eeeeee;color:#f1973b\" class=\"has-inline-color\">Quartal 2.2026<\/mark><\/strong>:<\/p>\n\n\n\n<ul class=\"wp-block-list\">\n<li><strong>Dienstag<\/strong>, <strong><mark style=\"background-color:rgba(0, 0, 0, 0);color:#f1973b\" class=\"has-inline-color\">07.04.26<\/mark><\/strong> von <strong>16:00 bis 17:40 Uhr<\/strong><\/li>\n\n\n\n<li><strong>Dienstag<\/strong>, <strong><mark style=\"background-color:rgba(0, 0, 0, 0);color:#f1973b\" class=\"has-inline-color\">21.04.26<\/mark><\/strong> von <strong>16:00 bis 17:40 Uhr<\/strong><\/li>\n\n\n\n<li><strong>Dienstag<\/strong>, <strong><mark style=\"background-color:rgba(0, 0, 0, 0);color:#f1973b\" class=\"has-inline-color\">05.05.26<\/mark><\/strong> von <strong>16:00 bis 17:40 Uhr<\/strong><\/li>\n\n\n\n<li><strong>Dienstag<\/strong>, <strong><mark style=\"background-color:rgba(0, 0, 0, 0);color:#f1973b\" class=\"has-inline-color\">19.05.26<\/mark><\/strong> von <strong>16:00 bis 17:40 Uhr<\/strong><\/li>\n\n\n\n<li><strong>Dienstag<\/strong>, <strong><mark style=\"background-color:rgba(0, 0, 0, 0);color:#f1973b\" class=\"has-inline-color\">02.06.26<\/mark><\/strong> von <strong>16:00 bis 17:40 Uhr<\/strong><\/li>\n\n\n\n<li><strong>Dienstag<\/strong>, <strong><mark style=\"background-color:rgba(0, 0, 0, 0);color:#f1973b\" class=\"has-inline-color\">16.06.26<\/mark><\/strong> von <strong>16:00 bis 17:40 Uhr<\/strong><\/li>\n<\/ul>\n\n\n\n<p><strong>Weitere Informationen<\/strong><\/p>\n\n\n\n<p class=\"has-normal-font-size\">Wesentliche Informationen f\u00fcr Ihre erste Terminbuchung und Registrierung bei samedi erhalten Sie in der <strong><a rel=\"noreferrer noopener\" href=\"https:\/\/praxis-gschmitz.de\/wp-content\/uploads\/2023\/04\/Anleitung-Terminbuchung-fuer-Pat.-Praxis.pdf\" target=\"_blank\">Kurzanleitung f\u00fcr meine Praxis<\/a> <\/strong>im pdf-Format. \u00dcber youtube k\u00f6nnen Sie ein kurzes <strong><a rel=\"noreferrer noopener\" href=\"https:\/\/youtu.be\/E7CB15YTvbU\" target=\"_blank\">Video zum Ablauf einer Videositzung<\/a><\/strong> anschauen.<\/p>\n\n\n\n<div class=\"wp-block-columns is-layout-flex wp-container-core-columns-is-layout-9d6595d7 wp-block-columns-is-layout-flex\">\n<div class=\"wp-block-column is-layout-flow wp-block-column-is-layout-flow\">\n<p>Sie haben die M\u00f6glichkeit ihr samedi Patientenkonto \u00fcber Ihren Internetbrowser oder die samedi Patienten-App zu verwalten. Die App k\u00f6nnen Sie kostenlos \u00fcber den Google Play Store oder Apple Store auf Ihrem Smartphone installieren. <\/p>\n\n\n\n<div class=\"wp-block-columns is-layout-flex wp-container-core-columns-is-layout-9d6595d7 wp-block-columns-is-layout-flex\">\n<div class=\"wp-block-column is-layout-flow wp-block-column-is-layout-flow\">\n<figure class=\"wp-block-image size-full\"><a href=\"https:\/\/play.google.com\/store\/apps\/details?id=de.samedi.samediforpatients&amp;gl=DE\" target=\"_blank\" rel=\"noreferrer noopener\"><img loading=\"lazy\" decoding=\"async\" width=\"150\" height=\"47\" src=\"https:\/\/praxis-gschmitz.de\/wp-content\/uploads\/2023\/01\/GooglePlayStore-e1674161227334.png\" alt=\"\" class=\"wp-image-629\"\/><\/a><\/figure>\n<\/div>\n\n\n\n<div class=\"wp-block-column is-layout-flow wp-block-column-is-layout-flow\">\n<figure class=\"wp-block-image size-full is-resized\"><a href=\"https:\/\/apps.apple.com\/de\/app\/samedi-patient\/id1579519824\" target=\"_blank\" rel=\"noreferrer noopener\"><img loading=\"lazy\" decoding=\"async\" width=\"151\" height=\"54\" src=\"https:\/\/praxis-gschmitz.de\/wp-content\/uploads\/2023\/01\/AppleStore-e1674161270511.png\" alt=\"\" class=\"wp-image-630\" style=\"width:151px;height:54px\"\/><\/a><\/figure>\n<\/div>\n<\/div>\n\n\n\n<p>Wenn Sie sich vertieft mit den M\u00f6glichkeiten des samedi Patientenkontos besch\u00e4ftigen m\u00f6chten oder wenn Probleme bei der Bedienung auftauchen,  erhalten Sie weitere Informationen zu <strong><a rel=\"noreferrer noopener\" href=\"https:\/\/patient.samedi.de\/faq_in_pdf\" target=\"_blank\">allgemeinen FAQ <\/a><\/strong>und speziell zu <strong><a rel=\"noreferrer noopener\" href=\"https:\/\/patient.samedi.de\/faq\" target=\"_blank\">FAQ zur Videosprechstunde<\/a><\/strong> \u00fcber die Website der samedi GmbH.<\/p>\n<\/div>\n<\/div>\n\n\n\n<div class=\"wp-block-columns is-layout-flex wp-container-core-columns-is-layout-9d6595d7 wp-block-columns-is-layout-flex\">\n<div class=\"wp-block-column is-layout-flow wp-block-column-is-layout-flow\" style=\"flex-basis:100%\"><\/div>\n<\/div>\n<\/div><\/div>\n<\/div>\n<\/div>\n","protected":false},"excerpt":{"rendered":"<p>F\u00fcr BestandspatientInnen biete ich eine online Terminbuchung \u00fcber den Anbieter samedi an. Bitte buchen Sie keine Termine bei mir \u00fcber diese Seite, wenn Sie NeupatientIn sind. Als NeupatientIn rufen Sie mich bitte in meinen telefonischen Sprechzeiten (Mo-Do, 13-14 Uhr) an. <span class=\"readmore\"><a href=\"https:\/\/praxis-gschmitz.de\/?page_id=575\">Continue Reading &#8230;<\/a><\/span><\/p>\n","protected":false},"author":1,"featured_media":0,"parent":0,"menu_order":0,"comment_status":"closed","ping_status":"closed","template":"","meta":{"footnotes":""},"class_list":["post-575","page","type-page","status-publish","hentry"],"_links":{"self":[{"href":"https:\/\/praxis-gschmitz.de\/index.php?rest_route=\/wp\/v2\/pages\/575","targetHints":{"allow":["GET"]}}],"collection":[{"href":"https:\/\/praxis-gschmitz.de\/index.php?rest_route=\/wp\/v2\/pages"}],"about":[{"href":"https:\/\/praxis-gschmitz.de\/index.php?rest_route=\/wp\/v2\/types\/page"}],"author":[{"embeddable":true,"href":"https:\/\/praxis-gschmitz.de\/index.php?rest_route=\/wp\/v2\/users\/1"}],"replies":[{"embeddable":true,"href":"https:\/\/praxis-gschmitz.de\/index.php?rest_route=%2Fwp%2Fv2%2Fcomments&post=575"}],"version-history":[{"count":125,"href":"https:\/\/praxis-gschmitz.de\/index.php?rest_route=\/wp\/v2\/pages\/575\/revisions"}],"predecessor-version":[{"id":958,"href":"https:\/\/praxis-gschmitz.de\/index.php?rest_route=\/wp\/v2\/pages\/575\/revisions\/958"}],"wp:attachment":[{"href":"https:\/\/praxis-gschmitz.de\/index.php?rest_route=%2Fwp%2Fv2%2Fmedia&parent=575"}],"curies":[{"name":"wp","href":"https:\/\/api.w.org\/{rel}","templated":true}]}}