{"id":19,"date":"2018-03-26T19:53:14","date_gmt":"2018-03-26T19:53:14","guid":{"rendered":"http:\/\/praxis-gschmitz.de\/?page_id=19"},"modified":"2024-04-08T12:36:54","modified_gmt":"2024-04-08T12:36:54","slug":"ueber-mich","status":"publish","type":"page","link":"https:\/\/praxis-gschmitz.de\/?page_id=19","title":{"rendered":"\u00dcber mich"},"content":{"rendered":"\n<p>Ich bin Diplom-Psychologin und Psychologische Psychotherapeutin. Mein Schwerpunktverfahren ist die <a href=\"https:\/\/www.verhaltenstherapie.de\/verhaltenstherapie\/was-ist-verhaltenstherapie\" target=\"_blank\" rel=\"noreferrer noopener\">kognitive Verhaltenstherapie<\/a>.<\/p>\n\n\n\n<p>Nach meinem Diplom-Abschluss 2004 an der Universit\u00e4t Trier\u00a0arbeitete ich zun\u00e4chst in der Psychosomatischen Klinik St. Franziska-Stift in Bad Kreuznach und der Akutpsychosomatischen Abteilung des Krankenhauses Marienw\u00f6rth in Bad Kreuznach.<\/p>\n\n\n\n<p>Nach meiner Approbation zur Psychologischen Psychotherapeutin 2008 war ich bis 2013 in der Akutpsychosomatik der Sch\u00f6n-Klinik Bad Arolsen als Stationspsychologin t\u00e4tig.&nbsp;Seit April 2013 besitze ich eine Kassen\u00e4rztliche Zulassung f\u00fcr meine Praxis in Vellmar.<\/p>\n\n\n\n<p>Meine speziellen Weiterbildungen umfassen:<\/p>\n\n\n\n<ul class=\"wp-block-list\">\n<li>die Zertifizierung &#8220;Spezielle Psychotraumatherapie&#8221; nach <a href=\"https:\/\/www.degpt.de\/\" target=\"_blank\" rel=\"noreferrer noopener\">DeGPT<\/a>-Richtlinien, <\/li>\n\n\n\n<li>die Fachfortbildungsreihe (Jahresgruppe) bei <a href=\"https:\/\/michaela-huber.com\/\" target=\"_blank\" rel=\"noreferrer noopener\">Michaela Huber<\/a> zu Dissoziativen St\u00f6rungen, <\/li>\n\n\n\n<li>die Basis- und Fortgeschrittenen Weiterbildung bei <a href=\"https:\/\/www.enijenhuis.nl\/\" target=\"_blank\" rel=\"noreferrer noopener\">Ellert Nijenhuis<\/a> zu &#8220;Struktureller Dissoziation&#8221;, <\/li>\n\n\n\n<li>die Zertifizierung zur EMDR-Therapeutin (Eye Movement Desensitization and Reprocessing) bei <a href=\"http:\/\/www.emdria.de\" target=\"_blank\" rel=\"noreferrer noopener\">EMDRIA<\/a> Deutschland e.V.<\/li>\n\n\n\n<li>die Zertifizierung in \u201eKlinischer Hypnose (<a href=\"https:\/\/www.meg-hypnose.de\/home\" target=\"_blank\" rel=\"noreferrer noopener\">M.E.G.<\/a>)\/ Hypnotherapie\u201c am <a href=\"https:\/\/meg-goettingen-hannover.de\/\" target=\"_blank\" rel=\"noreferrer noopener\">Milton-Erickson-Institut in G\u00f6ttingen<\/a>.<\/li>\n<\/ul>\n\n\n\n<p id=\"Behandlungsmethoden\">Wenn Sie sich \u00fcber die <strong>Behandlungsmethoden <\/strong>mittels EMDR oder Hypnose genauer informieren m\u00f6chten, finden Sie auf der Website des <a href=\"https:\/\/www.emdr.de\/home\" target=\"_blank\" rel=\"noreferrer noopener\">EMDR-Instituts Deutschland<\/a> n\u00e4here Informationen und erkl\u00e4rende <a href=\"https:\/\/www.emdr.de\/ueber-emdr\" target=\"_blank\" rel=\"noreferrer noopener\">Videos<\/a>. Ausf\u00fchrliche Informationen zur Klinischen Hypnose finden Sie <a href=\"https:\/\/hypnose.de\/\" target=\"_blank\" rel=\"noreferrer noopener\">hier<\/a>. Ein kurzer Dokumentarfilm aus der Reihe &#8220;ZDF Terra X Plore&#8221; zum Thema Hypnose ist <a href=\"https:\/\/www.youtube.com\/watch?v=f5_IXt1zbDY\" target=\"_blank\" rel=\"noreferrer noopener\">hier<\/a> anzuschauen.<\/p>\n\n\n\n<hr class=\"wp-block-separator has-css-opacity\"\/>\n","protected":false},"excerpt":{"rendered":"<p>Ich bin Diplom-Psychologin und Psychologische Psychotherapeutin. Mein Schwerpunktverfahren ist die kognitive Verhaltenstherapie. Nach meinem Diplom-Abschluss 2004 an der Universit\u00e4t Trier\u00a0arbeitete ich zun\u00e4chst in der Psychosomatischen Klinik St. Franziska-Stift in Bad Kreuznach und der Akutpsychosomatischen Abteilung des Krankenhauses Marienw\u00f6rth in Bad <span class=\"readmore\"><a href=\"https:\/\/praxis-gschmitz.de\/?page_id=19\">Continue Reading &#8230;<\/a><\/span><\/p>\n","protected":false},"author":1,"featured_media":0,"parent":0,"menu_order":0,"comment_status":"closed","ping_status":"closed","template":"","meta":{"footnotes":""},"class_list":["post-19","page","type-page","status-publish","hentry"],"_links":{"self":[{"href":"https:\/\/praxis-gschmitz.de\/index.php?rest_route=\/wp\/v2\/pages\/19","targetHints":{"allow":["GET"]}}],"collection":[{"href":"https:\/\/praxis-gschmitz.de\/index.php?rest_route=\/wp\/v2\/pages"}],"about":[{"href":"https:\/\/praxis-gschmitz.de\/index.php?rest_route=\/wp\/v2\/types\/page"}],"author":[{"embeddable":true,"href":"https:\/\/praxis-gschmitz.de\/index.php?rest_route=\/wp\/v2\/users\/1"}],"replies":[{"embeddable":true,"href":"https:\/\/praxis-gschmitz.de\/index.php?rest_route=%2Fwp%2Fv2%2Fcomments&post=19"}],"version-history":[{"count":25,"href":"https:\/\/praxis-gschmitz.de\/index.php?rest_route=\/wp\/v2\/pages\/19\/revisions"}],"predecessor-version":[{"id":852,"href":"https:\/\/praxis-gschmitz.de\/index.php?rest_route=\/wp\/v2\/pages\/19\/revisions\/852"}],"wp:attachment":[{"href":"https:\/\/praxis-gschmitz.de\/index.php?rest_route=%2Fwp%2Fv2%2Fmedia&parent=19"}],"curies":[{"name":"wp","href":"https:\/\/api.w.org\/{rel}","templated":true}]}}